{"id":69,"date":"2023-07-30T15:20:45","date_gmt":"2023-07-30T13:20:45","guid":{"rendered":"http:\/\/jonkopingsoratoriekor.se\/?page_id=69"},"modified":"2026-08-24T10:23:27","modified_gmt":"2026-08-24T08:23:27","slug":"hem","status":"publish","type":"page","link":"https:\/\/jonkopingsoratoriekor.se\/","title":{"rendered":"Hem"},"content":{"rendered":"\n<p class=\"wp-block-paragraph\">V\u00e4lkommen till J\u00f6nk\u00f6pings Oratoriek\u00f6r! <\/p>\n\n\n\n<p class=\"wp-block-paragraph\">H\u00e4r kan du  l\u00e4sa om v\u00e5r verksamhet, aktuella konserter och givetvis hur du g\u00f6r f\u00f6r att bli medlem. Vi har alltid plats f\u00f6r s\u00e5ngare som delar v\u00e5r passion f\u00f6r de klassiska sakrala k\u00f6rverken.<\/p>\n\n\n\n<p class=\"wp-block-paragraph\">H\u00f6stterminen b\u00f6rjar tisdagen den 25\/8 kl 19:00, i Kristinag\u00e5rden precis som vanligt.<\/p>\n\n\n\n<p class=\"wp-block-paragraph\"><\/p>\n\n\n\n<p class=\"wp-block-paragraph\">Den 18\/10 har vi v\u00e5r h\u00f6stkonsert. Programmet \u00e4r inte spikat \u00e4n, s\u00e5 mer info kommer.<\/p>\n\n\n\n<p class=\"wp-block-paragraph\"><\/p>\n\n\n\n<p class=\"wp-block-paragraph\">Varmt v\u00e4lkomna!<\/p>\n\n\n\n<p class=\"wp-block-paragraph\"><\/p>\n","protected":false},"excerpt":{"rendered":"<p>V\u00e4lkommen till J\u00f6nk\u00f6pings Oratoriek\u00f6r! H\u00e4r kan du l\u00e4sa om v\u00e5r verksamhet, aktuella konserter och givetvis hur du g\u00f6r f\u00f6r att bli medlem. Vi har alltid plats f\u00f6r s\u00e5ngare som delar v\u00e5r passion f\u00f6r de klassiska sakrala k\u00f6rverken. H\u00f6stterminen b\u00f6rjar tisdagen den 25\/8 kl 19:00, i Kristinag\u00e5rden precis som vanligt. Den 18\/10 har vi v\u00e5r h\u00f6stkonsert&#8230;.<\/p>\n","protected":false},"author":1,"featured_media":0,"parent":0,"menu_order":0,"comment_status":"closed","ping_status":"closed","template":"","meta":{"inline_featured_image":false,"footnotes":""},"class_list":["post-69","page","type-page","status-publish","hentry"],"_links":{"self":[{"href":"https:\/\/jonkopingsoratoriekor.se\/index.php\/wp-json\/wp\/v2\/pages\/69","targetHints":{"allow":["GET"]}}],"collection":[{"href":"https:\/\/jonkopingsoratoriekor.se\/index.php\/wp-json\/wp\/v2\/pages"}],"about":[{"href":"https:\/\/jonkopingsoratoriekor.se\/index.php\/wp-json\/wp\/v2\/types\/page"}],"author":[{"embeddable":true,"href":"https:\/\/jonkopingsoratoriekor.se\/index.php\/wp-json\/wp\/v2\/users\/1"}],"replies":[{"embeddable":true,"href":"https:\/\/jonkopingsoratoriekor.se\/index.php\/wp-json\/wp\/v2\/comments?post=69"}],"version-history":[{"count":21,"href":"https:\/\/jonkopingsoratoriekor.se\/index.php\/wp-json\/wp\/v2\/pages\/69\/revisions"}],"predecessor-version":[{"id":157,"href":"https:\/\/jonkopingsoratoriekor.se\/index.php\/wp-json\/wp\/v2\/pages\/69\/revisions\/157"}],"wp:attachment":[{"href":"https:\/\/jonkopingsoratoriekor.se\/index.php\/wp-json\/wp\/v2\/media?parent=69"}],"curies":[{"name":"wp","href":"https:\/\/api.w.org\/{rel}","templated":true}]}}